{"id":3529,"date":"2015-02-08T20:11:37","date_gmt":"2015-02-08T19:11:37","guid":{"rendered":"http:\/\/www.kirche-obercrinitz.de\/wordpress\/?page_id=3529"},"modified":"2025-02-26T21:16:55","modified_gmt":"2025-02-26T20:16:55","slug":"predigt","status":"publish","type":"page","link":"https:\/\/www.kirche-obercrinitz.de\/wordpress\/predigt\/","title":{"rendered":"Predigt"},"content":{"rendered":"\n<p>Alle Predigten gibt&#8217;s zum Nachh\u00f6ren hier: <\/p>\n\n\n\n\t\t\t\t<div id=\"wpfc-sermons-shortcode\">\n\t\t\t\t\t<div id=\"wpfc-sermons-container\">\n\t\t\t\t\t\t<div class=\"wpfc-sermon wpfc-sermon-shortcode\">\t\t<div class=\"wpfc-sermon-inner entry-wrap\">\n\t\t\t\t\t\t\t\t\n\t\t\n\t\t<div class=\"wpfc-sermon-main no-image\">\n\t\t\t<div class=\"wpfc-sermon-header \">\n\t\t\t\t<div class=\"wpfc-sermon-header-main\">\n\t\t\t\t\t\t\t\t\t\t\n\t\t\t\t\t\t\t\t\t\t\t\t<h3 class=\"wpfc-sermon-title\">\n\t\t\t\t\t\t\t<a class=\"wpfc-sermon-title-text\" href=\"https:\/\/www.kirche-obercrinitz.de\/wordpress\/Predigten\/geschuftet-nur-arbeit-war-sein-leben\/\">Geschuftet &#8211; Nur Arbeit war sein Leben!<\/a>\n\t\t\t\t\t\t<\/h3>\n\t\t\t\t\t\t\t\t\t\t\t\t\t\t\t\t<div class=\"wpfc-sermon-meta-item wpfc-sermon-meta-date\">\n\t\t\t\t\t\t\t\t\t\t\t\t\t19. April 2026\t\t\t\t\t\t\t\t\t\t\t<\/div>\n\t\t\t\t<\/div>\n\t\t\t\t\t\t\t<\/div>\n\n\t\t\t\n\t\t\t\t\t\t\t\t<div class=\"wpfc-sermon-description\">\n\t\t\t\t\t<div class=\"sermon-description-content\">\n\t\t\t\t\t\t\t\t\t\t\t\t\t\t\t\t\t\t\t\t\t\t\t\t\t<br\/>\n\t\t\t\t\t<\/div>\n\t\t\t\t\t\t\t\t\t<\/div>\n\t\t\t\n\n\t\t\t\t\t\t\t\t\t<div class=\"wpfc-sermon-audio\">\n\t\t\t\t\t\t<audio controls preload=\"metadata\" class=\"wpfc-sermon-player \" ><source src=\"https:\/\/www.kirche-obercrinitz.de\/wordpress\/wp-content\/uploads\/sermons\/2026\/04\/AUDIO-2026-04-19-12-19-45.mp3\" type=\"audio\/mp3\"><\/audio>\t\t\t\t\t<\/div>\n\t\t\t\t\t\t\t\n\t\t\t<div class=\"wpfc-sermon-footer\">\n\t\t\t\t\t\t\t\t\t<div class=\"wpfc-sermon-meta-item wpfc-sermon-meta-preacher\">\n\t\t\t\t\t\t\t\t\t\t\t\t<span class=\"wpfc-sermon-meta-prefix\">\n\t\t\t\t\t\t\tPrediger\t\t\t\t\t\t\t:<\/span>\n\t\t\t\t\t\t<span class=\"wpfc-sermon-meta-text\"><a href=\"https:\/\/www.kirche-obercrinitz.de\/wordpress\/prediger\/lutz-scheufler\/\" rel=\"tag\">Lutz Scheufler<\/a><\/span>\n\t\t\t\t\t<\/div>\n\t\t\t\t\t\t\t\t\t\t\t\t\t\t\t\t\t<div class=\"wpfc-sermon-meta-item wpfc-sermon-meta-service\">\n\t\t\t\t\t\t<span class=\"wpfc-sermon-meta-prefix\">\n\t\t\t\t\t\t\tGottesdienstart:<\/span>\n\t\t\t\t\t\t<span class=\"wpfc-sermon-meta-text\"><a href=\"https:\/\/www.kirche-obercrinitz.de\/wordpress\/gottesdienstart\/gemeinsamer-gottesdienst\/\" rel=\"tag\">Gemeinsamer Gottesdienst<\/a><\/span>\n\t\t\t\t\t<\/div>\n\t\t\t\t\t\t\t<\/div>\n\t\t<\/div>\n\t<\/div>\n\n\t<\/div><div class=\"wpfc-sermon wpfc-sermon-shortcode\">\t\t<div class=\"wpfc-sermon-inner entry-wrap\">\n\t\t\t\t\t\t\t\t\n\t\t\n\t\t<div class=\"wpfc-sermon-main no-image\">\n\t\t\t<div class=\"wpfc-sermon-header \">\n\t\t\t\t<div class=\"wpfc-sermon-header-main\">\n\t\t\t\t\t\t\t\t\t\t\n\t\t\t\t\t\t\t\t\t\t\t\t<h3 class=\"wpfc-sermon-title\">\n\t\t\t\t\t\t\t<a class=\"wpfc-sermon-title-text\" href=\"https:\/\/www.kirche-obercrinitz.de\/wordpress\/Predigten\/gekaempft-was-traegt-in-stuermischen-zeiten\/\">Gek\u00e4mpft &#8211; Was tr\u00e4gt in st\u00fcrmischen Zeiten?<\/a>\n\t\t\t\t\t\t<\/h3>\n\t\t\t\t\t\t\t\t\t\t\t\t\t\t\t\t<div class=\"wpfc-sermon-meta-item wpfc-sermon-meta-date\">\n\t\t\t\t\t\t\t\t\t\t\t\t\t18. April 2026\t\t\t\t\t\t\t\t\t\t\t<\/div>\n\t\t\t\t<\/div>\n\t\t\t\t\t\t\t<\/div>\n\n\t\t\t\n\t\t\t\t\t\t\t\t<div class=\"wpfc-sermon-description\">\n\t\t\t\t\t<div class=\"sermon-description-content\">\n\t\t\t\t\t\t\t\t\t\t\t\t\t\t\t\t\t\t\t\t\t\t\t\t\t<br\/>\n\t\t\t\t\t<\/div>\n\t\t\t\t\t\t\t\t\t<\/div>\n\t\t\t\n\n\t\t\t\t\t\t\t\t\t<div class=\"wpfc-sermon-audio\">\n\t\t\t\t\t\t<audio controls preload=\"metadata\" class=\"wpfc-sermon-player \" ><source src=\"https:\/\/www.kirche-obercrinitz.de\/wordpress\/wp-content\/uploads\/sermons\/2026\/04\/AUDIO-2026-04-18-20-35-53.mp3\" type=\"audio\/mp3\"><\/audio>\t\t\t\t\t<\/div>\n\t\t\t\t\t\t\t\n\t\t\t<div class=\"wpfc-sermon-footer\">\n\t\t\t\t\t\t\t\t\t<div class=\"wpfc-sermon-meta-item wpfc-sermon-meta-preacher\">\n\t\t\t\t\t\t\t\t\t\t\t\t<span class=\"wpfc-sermon-meta-prefix\">\n\t\t\t\t\t\t\tPrediger\t\t\t\t\t\t\t:<\/span>\n\t\t\t\t\t\t<span class=\"wpfc-sermon-meta-text\"><a href=\"https:\/\/www.kirche-obercrinitz.de\/wordpress\/prediger\/lutz-scheufler\/\" rel=\"tag\">Lutz Scheufler<\/a><\/span>\n\t\t\t\t\t<\/div>\n\t\t\t\t\t\t\t\t\t\t\t\t\t\t\t\t\t<div class=\"wpfc-sermon-meta-item wpfc-sermon-meta-service\">\n\t\t\t\t\t\t<span class=\"wpfc-sermon-meta-prefix\">\n\t\t\t\t\t\t\tGottesdienstart:<\/span>\n\t\t\t\t\t\t<span class=\"wpfc-sermon-meta-text\"><a href=\"https:\/\/www.kirche-obercrinitz.de\/wordpress\/gottesdienstart\/predigtgottesdienst-wildenau\/\" rel=\"tag\">Predigtgottesdienst Wildenau<\/a><\/span>\n\t\t\t\t\t<\/div>\n\t\t\t\t\t\t\t<\/div>\n\t\t<\/div>\n\t<\/div>\n\n\t<\/div><div class=\"wpfc-sermon wpfc-sermon-shortcode\">\t\t<div class=\"wpfc-sermon-inner entry-wrap\">\n\t\t\t\t\t\t\t\t\n\t\t\n\t\t<div class=\"wpfc-sermon-main no-image\">\n\t\t\t<div class=\"wpfc-sermon-header \">\n\t\t\t\t<div class=\"wpfc-sermon-header-main\">\n\t\t\t\t\t\t\t\t\t\t\n\t\t\t\t\t\t\t\t\t\t\t\t<h3 class=\"wpfc-sermon-title\">\n\t\t\t\t\t\t\t<a class=\"wpfc-sermon-title-text\" href=\"https:\/\/www.kirche-obercrinitz.de\/wordpress\/Predigten\/gestaunt-warum-laesst-gott-das-gute-zu\/\">Gestaunt &#8211; Warum l\u00e4sst Gott das Gute zu?<\/a>\n\t\t\t\t\t\t<\/h3>\n\t\t\t\t\t\t\t\t\t\t\t\t\t\t\t\t<div class=\"wpfc-sermon-meta-item wpfc-sermon-meta-date\">\n\t\t\t\t\t\t\t\t\t\t\t\t\t17. April 2026\t\t\t\t\t\t\t\t\t\t\t<\/div>\n\t\t\t\t<\/div>\n\t\t\t\t\t\t\t<\/div>\n\n\t\t\t\n\t\t\t\t\t\t\t\t<div class=\"wpfc-sermon-description\">\n\t\t\t\t\t<div class=\"sermon-description-content\">\n\t\t\t\t\t\t\t\t\t\t\t\t\t\t\t\t\t\t\t\t\t\t\t\t\t<br\/>\n\t\t\t\t\t<\/div>\n\t\t\t\t\t\t\t\t\t<\/div>\n\t\t\t\n\n\t\t\t\t\t\t\t\t\t<div class=\"wpfc-sermon-audio\">\n\t\t\t\t\t\t<audio controls preload=\"metadata\" class=\"wpfc-sermon-player \" ><source src=\"https:\/\/www.kirche-obercrinitz.de\/wordpress\/wp-content\/uploads\/sermons\/2026\/04\/AUDIO-2026-04-17-20-36-15.mp3\" type=\"audio\/mp3\"><\/audio>\t\t\t\t\t<\/div>\n\t\t\t\t\t\t\t\n\t\t\t<div class=\"wpfc-sermon-footer\">\n\t\t\t\t\t\t\t\t\t<div class=\"wpfc-sermon-meta-item wpfc-sermon-meta-preacher\">\n\t\t\t\t\t\t\t\t\t\t\t\t<span class=\"wpfc-sermon-meta-prefix\">\n\t\t\t\t\t\t\tPrediger\t\t\t\t\t\t\t:<\/span>\n\t\t\t\t\t\t<span class=\"wpfc-sermon-meta-text\"><a href=\"https:\/\/www.kirche-obercrinitz.de\/wordpress\/prediger\/lutz-scheufler\/\" rel=\"tag\">Lutz Scheufler<\/a><\/span>\n\t\t\t\t\t<\/div>\n\t\t\t\t\t\t\t\t\t\t\t\t\t\t\t\t\t<div class=\"wpfc-sermon-meta-item wpfc-sermon-meta-service\">\n\t\t\t\t\t\t<span class=\"wpfc-sermon-meta-prefix\">\n\t\t\t\t\t\t\tGottesdienstart:<\/span>\n\t\t\t\t\t\t<span class=\"wpfc-sermon-meta-text\"><a href=\"https:\/\/www.kirche-obercrinitz.de\/wordpress\/gottesdienstart\/predigtgottesdienst-wildenau\/\" rel=\"tag\">Predigtgottesdienst Wildenau<\/a><\/span>\n\t\t\t\t\t<\/div>\n\t\t\t\t\t\t\t<\/div>\n\t\t<\/div>\n\t<\/div>\n\n\t<\/div><div class=\"wpfc-sermon wpfc-sermon-shortcode\">\t\t<div class=\"wpfc-sermon-inner entry-wrap\">\n\t\t\t\t\t\t\t\t\n\t\t\n\t\t<div class=\"wpfc-sermon-main no-image\">\n\t\t\t<div class=\"wpfc-sermon-header \">\n\t\t\t\t<div class=\"wpfc-sermon-header-main\">\n\t\t\t\t\t\t\t\t\t\t\n\t\t\t\t\t\t\t\t\t\t\t\t<h3 class=\"wpfc-sermon-title\">\n\t\t\t\t\t\t\t<a class=\"wpfc-sermon-title-text\" href=\"https:\/\/www.kirche-obercrinitz.de\/wordpress\/Predigten\/aus-einem-kleinen-samenkorn-kann-etwas-grosses-werden\/\">Aus einem kleinen Samenkorn, kann etwas Gro\u00dfes werden!<\/a>\n\t\t\t\t\t\t<\/h3>\n\t\t\t\t\t\t\t\t\t\t\t\t\t\t\t\t<div class=\"wpfc-sermon-meta-item wpfc-sermon-meta-date\">\n\t\t\t\t\t\t\t\t\t\t\t\t\t12. April 2026\t\t\t\t\t\t\t\t\t\t\t<\/div>\n\t\t\t\t<\/div>\n\t\t\t\t\t\t\t<\/div>\n\n\t\t\t\n\t\t\t\t\t\t\t\t<div class=\"wpfc-sermon-description\">\n\t\t\t\t\t<div class=\"sermon-description-content\">\n\t\t\t\t\t\t\t\t\t\t\t\t\tEine Predigt \u00fcber kleine Anf\u00e4nge, klein wie ein Senfkorn und was daraus wachsen kann. Gleichzeitig wird \u00fcber die Arbeit des GIDEON-Bundes berichtet.\t\t\t\t\t\t\t\t\t\t\t\t<br\/>\n\t\t\t\t\t<\/div>\n\t\t\t\t\t\t\t\t\t<\/div>\n\t\t\t\n\n\t\t\t\t\t\t\t\t\t<div class=\"wpfc-sermon-audio\">\n\t\t\t\t\t\t<audio controls preload=\"metadata\" class=\"wpfc-sermon-player \" ><source src=\"https:\/\/www.kirche-obercrinitz.de\/wordpress\/wp-content\/uploads\/sermons\/2026\/04\/Default_20260412-103601.mp3\" type=\"audio\/mp3\"><\/audio>\t\t\t\t\t<\/div>\n\t\t\t\t\t\t\t\n\t\t\t<div class=\"wpfc-sermon-footer\">\n\t\t\t\t\t\t\t\t\t<div class=\"wpfc-sermon-meta-item wpfc-sermon-meta-preacher\">\n\t\t\t\t\t\t\t\t\t\t\t\t<span class=\"wpfc-sermon-meta-prefix\">\n\t\t\t\t\t\t\tPrediger\t\t\t\t\t\t\t:<\/span>\n\t\t\t\t\t\t<span class=\"wpfc-sermon-meta-text\"><a href=\"https:\/\/www.kirche-obercrinitz.de\/wordpress\/prediger\/friedrich-seidel-friedrich-schmalfuss\/\" rel=\"tag\">Friedrich Seidel &amp; Friedrich Schmalfu\u00df<\/a><\/span>\n\t\t\t\t\t<\/div>\n\t\t\t\t\t\t\t\t\t\t\t\t\t\t\t\t\t<div class=\"wpfc-sermon-meta-item wpfc-sermon-meta-service\">\n\t\t\t\t\t\t<span class=\"wpfc-sermon-meta-prefix\">\n\t\t\t\t\t\t\tGottesdienstart:<\/span>\n\t\t\t\t\t\t<span class=\"wpfc-sermon-meta-text\"><a href=\"https:\/\/www.kirche-obercrinitz.de\/wordpress\/gottesdienstart\/predigtgottesdienst-wildenau\/\" rel=\"tag\">Predigtgottesdienst Wildenau<\/a><\/span>\n\t\t\t\t\t<\/div>\n\t\t\t\t\t\t\t<\/div>\n\t\t<\/div>\n\t<\/div>\n\n\t<\/div><div class=\"wpfc-sermon wpfc-sermon-shortcode\">\t\t<div class=\"wpfc-sermon-inner entry-wrap\">\n\t\t\t\t\t\t\t\t\n\t\t\n\t\t<div class=\"wpfc-sermon-main no-image\">\n\t\t\t<div class=\"wpfc-sermon-header \">\n\t\t\t\t<div class=\"wpfc-sermon-header-main\">\n\t\t\t\t\t\t\t\t\t\t\n\t\t\t\t\t\t\t\t\t\t\t\t<h3 class=\"wpfc-sermon-title\">\n\t\t\t\t\t\t\t<a class=\"wpfc-sermon-title-text\" href=\"https:\/\/www.kirche-obercrinitz.de\/wordpress\/Predigten\/jesus-hebt-mit-seiner-auferstehung-die-welt-aus-den-angeln\/\">JESUS hebt mit seiner Auferstehung die Welt aus den Angeln<\/a>\n\t\t\t\t\t\t<\/h3>\n\t\t\t\t\t\t\t\t\t\t\t\t\t\t\t\t<div class=\"wpfc-sermon-meta-item wpfc-sermon-meta-date\">\n\t\t\t\t\t\t\t\t\t\t\t\t\t5. April 2026\t\t\t\t\t\t\t\t\t\t\t<\/div>\n\t\t\t\t<\/div>\n\t\t\t\t\t\t\t<\/div>\n\n\t\t\t\n\t\t\t\t\t\t\t\t<div class=\"wpfc-sermon-description\">\n\t\t\t\t\t<div class=\"sermon-description-content\">\n\t\t\t\t\t\t\t\t\t\t\t\t\tJESUS ist auferstanden, das ist unsere Hoffnung auch f\u00fcr unser Leben! JESUS hat den Tod besiegt!\t\t\t\t\t\t\t\t\t\t\t\t<br\/>\n\t\t\t\t\t<\/div>\n\t\t\t\t\t\t\t\t\t<\/div>\n\t\t\t\n\n\t\t\t\t\t\t\t\t\t<div class=\"wpfc-sermon-audio\">\n\t\t\t\t\t\t<audio controls preload=\"metadata\" class=\"wpfc-sermon-player \" ><source src=\"https:\/\/www.kirche-obercrinitz.de\/wordpress\/wp-content\/uploads\/sermons\/2026\/04\/Default_20260405-104029.mp3\" type=\"audio\/mp3\"><\/audio>\t\t\t\t\t<\/div>\n\t\t\t\t\t\t\t\n\t\t\t<div class=\"wpfc-sermon-footer\">\n\t\t\t\t\t\t\t\t\t<div class=\"wpfc-sermon-meta-item wpfc-sermon-meta-preacher\">\n\t\t\t\t\t\t\t\t\t\t\t\t<span class=\"wpfc-sermon-meta-prefix\">\n\t\t\t\t\t\t\tPrediger\t\t\t\t\t\t\t:<\/span>\n\t\t\t\t\t\t<span class=\"wpfc-sermon-meta-text\"><a href=\"https:\/\/www.kirche-obercrinitz.de\/wordpress\/prediger\/jakob-schumann\/\" rel=\"tag\">Jakob Schumann<\/a><\/span>\n\t\t\t\t\t<\/div>\n\t\t\t\t\t\t\t\t\t\t\t\t\t<div class=\"wpfc-sermon-meta-item wpfc-sermon-meta-passage\">\n\t\t\t\t\t\t<span class=\"wpfc-sermon-meta-prefix\">\n\t\t\t\t\t\t\tPassage:<\/span>\n\t\t\t\t\t\t<span class=\"wpfc-sermon-meta-text\">1. Kor.15; 1-11<\/span>\n\t\t\t\t\t<\/div>\n\t\t\t\t\t\t\t\t\t\t\t\t\t<div class=\"wpfc-sermon-meta-item wpfc-sermon-meta-service\">\n\t\t\t\t\t\t<span class=\"wpfc-sermon-meta-prefix\">\n\t\t\t\t\t\t\tGottesdienstart:<\/span>\n\t\t\t\t\t\t<span class=\"wpfc-sermon-meta-text\"><a href=\"https:\/\/www.kirche-obercrinitz.de\/wordpress\/gottesdienstart\/predigtgottesdienst-wildenau\/\" rel=\"tag\">Predigtgottesdienst Wildenau<\/a><\/span>\n\t\t\t\t\t<\/div>\n\t\t\t\t\t\t\t<\/div>\n\t\t<\/div>\n\t<\/div>\n\n\t<\/div><div class=\"wpfc-sermon wpfc-sermon-shortcode\">\t\t<div class=\"wpfc-sermon-inner entry-wrap\">\n\t\t\t\t\t\t\t\t\n\t\t\n\t\t<div class=\"wpfc-sermon-main no-image\">\n\t\t\t<div class=\"wpfc-sermon-header \">\n\t\t\t\t<div class=\"wpfc-sermon-header-main\">\n\t\t\t\t\t\t\t\t\t\t\n\t\t\t\t\t\t\t\t\t\t\t\t<h3 class=\"wpfc-sermon-title\">\n\t\t\t\t\t\t\t<a class=\"wpfc-sermon-title-text\" href=\"https:\/\/www.kirche-obercrinitz.de\/wordpress\/Predigten\/lasst-euch-versoehnen-mit-gott\/\">Lasst euch vers\u00f6hnen mit GOTT!<\/a>\n\t\t\t\t\t\t<\/h3>\n\t\t\t\t\t\t\t\t\t\t\t\t\t\t\t\t<div class=\"wpfc-sermon-meta-item wpfc-sermon-meta-date\">\n\t\t\t\t\t\t\t\t\t\t\t\t\t3. April 2026\t\t\t\t\t\t\t\t\t\t\t<\/div>\n\t\t\t\t<\/div>\n\t\t\t\t\t\t\t<\/div>\n\n\t\t\t\n\t\t\t\t\t\t\t\t<div class=\"wpfc-sermon-description\">\n\t\t\t\t\t<div class=\"sermon-description-content\">\n\t\t\t\t\t\t\t\t\t\t\t\t\t\t\t\t\t\t\t\t\t\t\t\t\t<br\/>\n\t\t\t\t\t<\/div>\n\t\t\t\t\t\t\t\t\t<\/div>\n\t\t\t\n\n\t\t\t\t\t\t\t\t\t<div class=\"wpfc-sermon-audio\">\n\t\t\t\t\t\t<audio controls preload=\"metadata\" class=\"wpfc-sermon-player \" ><source src=\"https:\/\/www.kirche-obercrinitz.de\/wordpress\/wp-content\/uploads\/sermons\/2026\/04\/Default_20260403-104013.mp3\" type=\"audio\/mp3\"><\/audio>\t\t\t\t\t<\/div>\n\t\t\t\t\t\t\t\n\t\t\t<div class=\"wpfc-sermon-footer\">\n\t\t\t\t\t\t\t\t\t<div class=\"wpfc-sermon-meta-item wpfc-sermon-meta-preacher\">\n\t\t\t\t\t\t\t\t\t\t\t\t<span class=\"wpfc-sermon-meta-prefix\">\n\t\t\t\t\t\t\tPrediger\t\t\t\t\t\t\t:<\/span>\n\t\t\t\t\t\t<span class=\"wpfc-sermon-meta-text\"><a href=\"https:\/\/www.kirche-obercrinitz.de\/wordpress\/prediger\/frank-saenger\/\" rel=\"tag\">Frank S\u00e4nger<\/a><\/span>\n\t\t\t\t\t<\/div>\n\t\t\t\t\t\t\t\t\t\t\t\t\t<div class=\"wpfc-sermon-meta-item wpfc-sermon-meta-passage\">\n\t\t\t\t\t\t<span class=\"wpfc-sermon-meta-prefix\">\n\t\t\t\t\t\t\tPassage:<\/span>\n\t\t\t\t\t\t<span class=\"wpfc-sermon-meta-text\">2.Kor. 5; 19-20<\/span>\n\t\t\t\t\t<\/div>\n\t\t\t\t\t\t\t\t\t\t\t\t\t<div class=\"wpfc-sermon-meta-item wpfc-sermon-meta-service\">\n\t\t\t\t\t\t<span class=\"wpfc-sermon-meta-prefix\">\n\t\t\t\t\t\t\tGottesdienstart:<\/span>\n\t\t\t\t\t\t<span class=\"wpfc-sermon-meta-text\"><a href=\"https:\/\/www.kirche-obercrinitz.de\/wordpress\/gottesdienstart\/predigtgottesdienst-wildenau\/\" rel=\"tag\">Predigtgottesdienst Wildenau<\/a><\/span>\n\t\t\t\t\t<\/div>\n\t\t\t\t\t\t\t<\/div>\n\t\t<\/div>\n\t<\/div>\n\n\t<\/div><div class=\"wpfc-sermon wpfc-sermon-shortcode\">\t\t<div class=\"wpfc-sermon-inner entry-wrap\">\n\t\t\t\t\t\t\t\t\n\t\t\n\t\t<div class=\"wpfc-sermon-main no-image\">\n\t\t\t<div class=\"wpfc-sermon-header \">\n\t\t\t\t<div class=\"wpfc-sermon-header-main\">\n\t\t\t\t\t\t\t\t\t\t\n\t\t\t\t\t\t\t\t\t\t\t\t<h3 class=\"wpfc-sermon-title\">\n\t\t\t\t\t\t\t<a class=\"wpfc-sermon-title-text\" href=\"https:\/\/www.kirche-obercrinitz.de\/wordpress\/Predigten\/ich-bin-der-wahre-weinstock\/\">Ich bin der wahre Weinstock<\/a>\n\t\t\t\t\t\t<\/h3>\n\t\t\t\t\t\t\t\t\t\t\t\t\t\t\t\t<div class=\"wpfc-sermon-meta-item wpfc-sermon-meta-date\">\n\t\t\t\t\t\t\t\t\t\t\t\t\t3. April 2026\t\t\t\t\t\t\t\t\t\t\t<\/div>\n\t\t\t\t<\/div>\n\t\t\t\t\t\t\t<\/div>\n\n\t\t\t\n\t\t\t\t\t\t\t\t<div class=\"wpfc-sermon-description\">\n\t\t\t\t\t<div class=\"sermon-description-content\">\n\t\t\t\t\t\t\t\t\t\t\t\t\t\t\t\t\t\t\t\t\t\t\t\t\t<br\/>\n\t\t\t\t\t<\/div>\n\t\t\t\t\t\t\t\t\t<\/div>\n\t\t\t\n\n\t\t\t\t\t\t\t\t\t<div class=\"wpfc-sermon-audio\">\n\t\t\t\t\t\t<audio controls preload=\"metadata\" class=\"wpfc-sermon-player \" ><source src=\"https:\/\/www.kirche-obercrinitz.de\/wordpress\/wp-content\/uploads\/sermons\/2026\/04\/Default_20260329-103801.mp3\" type=\"audio\/mp3\"><\/audio>\t\t\t\t\t<\/div>\n\t\t\t\t\t\t\t\n\t\t\t<div class=\"wpfc-sermon-footer\">\n\t\t\t\t\t\t\t\t\t<div class=\"wpfc-sermon-meta-item wpfc-sermon-meta-preacher\">\n\t\t\t\t\t\t\t\t\t\t\t\t<span class=\"wpfc-sermon-meta-prefix\">\n\t\t\t\t\t\t\tPrediger\t\t\t\t\t\t\t:<\/span>\n\t\t\t\t\t\t<span class=\"wpfc-sermon-meta-text\"><a href=\"https:\/\/www.kirche-obercrinitz.de\/wordpress\/prediger\/frank-pauli\/\" rel=\"tag\">Frank Pauli<\/a><\/span>\n\t\t\t\t\t<\/div>\n\t\t\t\t\t\t\t\t\t\t\t\t\t<div class=\"wpfc-sermon-meta-item wpfc-sermon-meta-passage\">\n\t\t\t\t\t\t<span class=\"wpfc-sermon-meta-prefix\">\n\t\t\t\t\t\t\tPassage:<\/span>\n\t\t\t\t\t\t<span class=\"wpfc-sermon-meta-text\">Joh. 15,1-5.8<\/span>\n\t\t\t\t\t<\/div>\n\t\t\t\t\t\t\t\t\t\t\t\t\t<div class=\"wpfc-sermon-meta-item wpfc-sermon-meta-service\">\n\t\t\t\t\t\t<span class=\"wpfc-sermon-meta-prefix\">\n\t\t\t\t\t\t\tGottesdienstart:<\/span>\n\t\t\t\t\t\t<span class=\"wpfc-sermon-meta-text\"><a href=\"https:\/\/www.kirche-obercrinitz.de\/wordpress\/gottesdienstart\/konfirmationsgottesdienst\/\" rel=\"tag\">Konfirmationsgottesdienst<\/a><\/span>\n\t\t\t\t\t<\/div>\n\t\t\t\t\t\t\t<\/div>\n\t\t<\/div>\n\t<\/div>\n\n\t<\/div><div class=\"wpfc-sermon wpfc-sermon-shortcode\">\t\t<div class=\"wpfc-sermon-inner entry-wrap\">\n\t\t\t\t\t\t\t\t\n\t\t\n\t\t<div class=\"wpfc-sermon-main no-image\">\n\t\t\t<div class=\"wpfc-sermon-header \">\n\t\t\t\t<div class=\"wpfc-sermon-header-main\">\n\t\t\t\t\t\t\t\t\t\t\n\t\t\t\t\t\t\t\t\t\t\t\t<h3 class=\"wpfc-sermon-title\">\n\t\t\t\t\t\t\t<a class=\"wpfc-sermon-title-text\" href=\"https:\/\/www.kirche-obercrinitz.de\/wordpress\/Predigten\/salbung-statt-dornenkrone\/\">Salbung statt Dornenkrone<\/a>\n\t\t\t\t\t\t<\/h3>\n\t\t\t\t\t\t\t\t\t\t\t\t\t\t\t\t<div class=\"wpfc-sermon-meta-item wpfc-sermon-meta-date\">\n\t\t\t\t\t\t\t\t\t\t\t\t\t29. M\u00e4rz 2026\t\t\t\t\t\t\t\t\t\t\t<\/div>\n\t\t\t\t<\/div>\n\t\t\t\t\t\t\t<\/div>\n\n\t\t\t\n\t\t\t\t\t\t\t\t<div class=\"wpfc-sermon-description\">\n\t\t\t\t\t<div class=\"sermon-description-content\">\n\t\t\t\t\t\t\t\t\t\t\t\t\tHeute schauen wir auf eine Geschichte, die gegens\u00e4tzlicher kaum k\u00f6nnte, zum Leid des Karfreitag, der in wenigen Tagen bevor steht. Statt einer Dornenkrone auf dem Kopf erh\u00e4lt Jesus eine Salbung mit kostbarem \u00d6l. Zu kostbar, um es daf\u00fcr zu nutzen?\t\t\t\t\t\t\t\t\t\t\t\t<br\/>\n\t\t\t\t\t<\/div>\n\t\t\t\t\t\t\t\t\t<\/div>\n\t\t\t\n\n\t\t\t\t\t\t\t\t\t<div class=\"wpfc-sermon-audio\">\n\t\t\t\t\t\t<audio controls preload=\"metadata\" class=\"wpfc-sermon-player \" ><source src=\"https:\/\/www.kirche-obercrinitz.de\/wordpress\/wp-content\/uploads\/sermons\/2026\/03\/Predigt_Obercrinitz_20260329.mp3\" type=\"audio\/mp3\"><\/audio>\t\t\t\t\t<\/div>\n\t\t\t\t\t\t\t\n\t\t\t<div class=\"wpfc-sermon-footer\">\n\t\t\t\t\t\t\t\t\t<div class=\"wpfc-sermon-meta-item wpfc-sermon-meta-preacher\">\n\t\t\t\t\t\t\t\t\t\t\t\t<span class=\"wpfc-sermon-meta-prefix\">\n\t\t\t\t\t\t\tPrediger\t\t\t\t\t\t\t:<\/span>\n\t\t\t\t\t\t<span class=\"wpfc-sermon-meta-text\"><a href=\"https:\/\/www.kirche-obercrinitz.de\/wordpress\/prediger\/karlheinz-wohlgemuth\/\" rel=\"tag\">Karlheinz Wohlgemuth<\/a><\/span>\n\t\t\t\t\t<\/div>\n\t\t\t\t\t\t\t\t\t\t\t\t\t<div class=\"wpfc-sermon-meta-item wpfc-sermon-meta-passage\">\n\t\t\t\t\t\t<span class=\"wpfc-sermon-meta-prefix\">\n\t\t\t\t\t\t\tPassage:<\/span>\n\t\t\t\t\t\t<span class=\"wpfc-sermon-meta-text\">Markus 14, 3-9<\/span>\n\t\t\t\t\t<\/div>\n\t\t\t\t\t\t\t\t\t\t\t\t\t<div class=\"wpfc-sermon-meta-item wpfc-sermon-meta-service\">\n\t\t\t\t\t\t<span class=\"wpfc-sermon-meta-prefix\">\n\t\t\t\t\t\t\tGottesdienstart:<\/span>\n\t\t\t\t\t\t<span class=\"wpfc-sermon-meta-text\"><a href=\"https:\/\/www.kirche-obercrinitz.de\/wordpress\/gottesdienstart\/predigtgottedienst-obercrinitz\/\" rel=\"tag\">Predigtgottesdienst Obercrinitz<\/a><\/span>\n\t\t\t\t\t<\/div>\n\t\t\t\t\t\t\t<\/div>\n\t\t<\/div>\n\t<\/div>\n\n\t<\/div><div class=\"wpfc-sermon wpfc-sermon-shortcode\">\t\t<div class=\"wpfc-sermon-inner entry-wrap\">\n\t\t\t\t\t\t\t\t\n\t\t\n\t\t<div class=\"wpfc-sermon-main no-image\">\n\t\t\t<div class=\"wpfc-sermon-header \">\n\t\t\t\t<div class=\"wpfc-sermon-header-main\">\n\t\t\t\t\t\t\t\t\t\t\n\t\t\t\t\t\t\t\t\t\t\t\t<h3 class=\"wpfc-sermon-title\">\n\t\t\t\t\t\t\t<a class=\"wpfc-sermon-title-text\" href=\"https:\/\/www.kirche-obercrinitz.de\/wordpress\/Predigten\/wir-haben-hier-keine-bleibende-stadt\/\">Wir haben hier keine bleibende Stadt!<\/a>\n\t\t\t\t\t\t<\/h3>\n\t\t\t\t\t\t\t\t\t\t\t\t\t\t\t\t<div class=\"wpfc-sermon-meta-item wpfc-sermon-meta-date\">\n\t\t\t\t\t\t\t\t\t\t\t\t\t22. M\u00e4rz 2026\t\t\t\t\t\t\t\t\t\t\t<\/div>\n\t\t\t\t<\/div>\n\t\t\t\t\t\t\t<\/div>\n\n\t\t\t\n\t\t\t\t\t\t\t\t<div class=\"wpfc-sermon-description\">\n\t\t\t\t\t<div class=\"sermon-description-content\">\n\t\t\t\t\t\t\t\t\t\t\t\t\t\t\t\t\t\t\t\t\t\t\t\t\t<br\/>\n\t\t\t\t\t<\/div>\n\t\t\t\t\t\t\t\t\t<\/div>\n\t\t\t\n\n\t\t\t\t\t\t\t\t\t<div class=\"wpfc-sermon-audio\">\n\t\t\t\t\t\t<audio controls preload=\"metadata\" class=\"wpfc-sermon-player \" ><source src=\"https:\/\/www.kirche-obercrinitz.de\/wordpress\/wp-content\/uploads\/sermons\/2026\/03\/Default_20260322-104050.mp3\" type=\"audio\/mp3\"><\/audio>\t\t\t\t\t<\/div>\n\t\t\t\t\t\t\t\n\t\t\t<div class=\"wpfc-sermon-footer\">\n\t\t\t\t\t\t\t\t\t<div class=\"wpfc-sermon-meta-item wpfc-sermon-meta-preacher\">\n\t\t\t\t\t\t\t\t\t\t\t\t<span class=\"wpfc-sermon-meta-prefix\">\n\t\t\t\t\t\t\tPrediger\t\t\t\t\t\t\t:<\/span>\n\t\t\t\t\t\t<span class=\"wpfc-sermon-meta-text\"><a href=\"https:\/\/www.kirche-obercrinitz.de\/wordpress\/prediger\/frank-saenger\/\" rel=\"tag\">Frank S\u00e4nger<\/a><\/span>\n\t\t\t\t\t<\/div>\n\t\t\t\t\t\t\t\t\t\t\t\t\t<div class=\"wpfc-sermon-meta-item wpfc-sermon-meta-passage\">\n\t\t\t\t\t\t<span class=\"wpfc-sermon-meta-prefix\">\n\t\t\t\t\t\t\tPassage:<\/span>\n\t\t\t\t\t\t<span class=\"wpfc-sermon-meta-text\">Hebr. 13;12-14<\/span>\n\t\t\t\t\t<\/div>\n\t\t\t\t\t\t\t\t\t\t\t\t\t<div class=\"wpfc-sermon-meta-item wpfc-sermon-meta-service\">\n\t\t\t\t\t\t<span class=\"wpfc-sermon-meta-prefix\">\n\t\t\t\t\t\t\tGottesdienstart:<\/span>\n\t\t\t\t\t\t<span class=\"wpfc-sermon-meta-text\"><a href=\"https:\/\/www.kirche-obercrinitz.de\/wordpress\/gottesdienstart\/predigtgottesdienst-wildenau\/\" rel=\"tag\">Predigtgottesdienst Wildenau<\/a><\/span>\n\t\t\t\t\t<\/div>\n\t\t\t\t\t\t\t<\/div>\n\t\t<\/div>\n\t<\/div>\n\n\t<\/div><div class=\"wpfc-sermon wpfc-sermon-shortcode\">\t\t<div class=\"wpfc-sermon-inner entry-wrap\">\n\t\t\t\t\t\t\t\t\n\t\t\n\t\t<div class=\"wpfc-sermon-main no-image\">\n\t\t\t<div class=\"wpfc-sermon-header \">\n\t\t\t\t<div class=\"wpfc-sermon-header-main\">\n\t\t\t\t\t\t\t\t\t\t\n\t\t\t\t\t\t\t\t\t\t\t\t<h3 class=\"wpfc-sermon-title\">\n\t\t\t\t\t\t\t<a class=\"wpfc-sermon-title-text\" href=\"https:\/\/www.kirche-obercrinitz.de\/wordpress\/Predigten\/wir-duerfen-mit-gottes-kraft-in-dieser-welt-rechnen\/\">Wir d\u00fcrfen mit Gottes Kraft in dieser Welt rechnen<\/a>\n\t\t\t\t\t\t<\/h3>\n\t\t\t\t\t\t\t\t\t\t\t\t\t\t\t\t<div class=\"wpfc-sermon-meta-item wpfc-sermon-meta-date\">\n\t\t\t\t\t\t\t\t\t\t\t\t\t1. Februar 2026\t\t\t\t\t\t\t\t\t\t\t<\/div>\n\t\t\t\t<\/div>\n\t\t\t\t\t\t\t<\/div>\n\n\t\t\t\n\t\t\t\t\t\t\t\t<div class=\"wpfc-sermon-description\">\n\t\t\t\t\t<div class=\"sermon-description-content\">\n\t\t\t\t\t\t\t\t\t\t\t\t\t\t\t\t\t\t\t\t\t\t\t\t\t<br\/>\n\t\t\t\t\t<\/div>\n\t\t\t\t\t\t\t\t\t<\/div>\n\t\t\t\n\n\t\t\t\t\t\t\t\t\t<div class=\"wpfc-sermon-audio\">\n\t\t\t\t\t\t<audio controls preload=\"metadata\" class=\"wpfc-sermon-player \" ><source src=\"https:\/\/www.kirche-obercrinitz.de\/wordpress\/wp-content\/uploads\/sermons\/2026\/02\/Default_20260201-104215.mp3\" type=\"audio\/mp3\"><\/audio>\t\t\t\t\t<\/div>\n\t\t\t\t\t\t\t\n\t\t\t<div class=\"wpfc-sermon-footer\">\n\t\t\t\t\t\t\t\t\t<div class=\"wpfc-sermon-meta-item wpfc-sermon-meta-preacher\">\n\t\t\t\t\t\t\t\t\t\t\t\t<span class=\"wpfc-sermon-meta-prefix\">\n\t\t\t\t\t\t\tPrediger\t\t\t\t\t\t\t:<\/span>\n\t\t\t\t\t\t<span class=\"wpfc-sermon-meta-text\"><a href=\"https:\/\/www.kirche-obercrinitz.de\/wordpress\/prediger\/karlheinz-wohlgemuth\/\" rel=\"tag\">Karlheinz Wohlgemuth<\/a><\/span>\n\t\t\t\t\t<\/div>\n\t\t\t\t\t\t\t\t\t\t\t\t\t<div class=\"wpfc-sermon-meta-item wpfc-sermon-meta-passage\">\n\t\t\t\t\t\t<span class=\"wpfc-sermon-meta-prefix\">\n\t\t\t\t\t\t\tPassage:<\/span>\n\t\t\t\t\t\t<span class=\"wpfc-sermon-meta-text\">Offenbarung 1<\/span>\n\t\t\t\t\t<\/div>\n\t\t\t\t\t\t\t\t\t\t\t\t\t<div class=\"wpfc-sermon-meta-item wpfc-sermon-meta-service\">\n\t\t\t\t\t\t<span class=\"wpfc-sermon-meta-prefix\">\n\t\t\t\t\t\t\tGottesdienstart:<\/span>\n\t\t\t\t\t\t<span class=\"wpfc-sermon-meta-text\"><a href=\"https:\/\/www.kirche-obercrinitz.de\/wordpress\/gottesdienstart\/predigtgottesdienst-wildenau\/\" rel=\"tag\">Predigtgottesdienst Wildenau<\/a><\/span>\n\t\t\t\t\t<\/div>\n\t\t\t\t\t\t\t<\/div>\n\t\t<\/div>\n\t<\/div>\n\n\t<\/div>\t\t\t\t\t<\/div>\n\n\t\t\t\t\t\n\t\t\t\t\t\t\t\t\t\t\t\t\t\t\t\t\t\t<div id=\"wpfc-sermons-shortcode-navigation\">\n\t\t\t\t\t\t\t\t<a class=\"page-numbers\" href=\"https:\/\/www.kirche-obercrinitz.de\/wordpress\/Predigten\/wir-duerfen-mit-gottes-kraft-in-dieser-welt-rechnen\/\">1<\/a>\n<a class=\"page-numbers\" href=\"https:\/\/www.kirche-obercrinitz.de\/wordpress\/Predigten\/wir-duerfen-mit-gottes-kraft-in-dieser-welt-rechnen\/page\/2\/\">2<\/a>\n<a class=\"page-numbers\" href=\"https:\/\/www.kirche-obercrinitz.de\/wordpress\/Predigten\/wir-duerfen-mit-gottes-kraft-in-dieser-welt-rechnen\/page\/3\/\">3<\/a>\n<span class=\"page-numbers dots\">&hellip;<\/span>\n<a class=\"page-numbers\" href=\"https:\/\/www.kirche-obercrinitz.de\/wordpress\/Predigten\/wir-duerfen-mit-gottes-kraft-in-dieser-welt-rechnen\/page\/53\/\">53<\/a>\n<a class=\"page-numbers\" href=\"https:\/\/www.kirche-obercrinitz.de\/wordpress\/Predigten\/wir-duerfen-mit-gottes-kraft-in-dieser-welt-rechnen\/page\/54\/\">54<\/a>\n<a class=\"page-numbers\" href=\"https:\/\/www.kirche-obercrinitz.de\/wordpress\/Predigten\/wir-duerfen-mit-gottes-kraft-in-dieser-welt-rechnen\/page\/55\/\">55<\/a> <a class=\"next page-numbers\" href=\"https:\/\/www.kirche-obercrinitz.de\/wordpress\/Predigten\/wir-duerfen-mit-gottes-kraft-in-dieser-welt-rechnen\/page\/2\">Next &raquo;<\/a>\t\t\t\t\t\t\t<\/div>\n\t\t\t\t\t\t\t\t\t\t\t\t\t\t\t<\/div>\n\t\t\t\t\n","protected":false},"excerpt":{"rendered":"<p>Alle Predigten gibt&#8217;s zum Nachh\u00f6ren hier:<\/p>\n","protected":false},"author":8,"featured_media":0,"parent":0,"menu_order":0,"comment_status":"open","ping_status":"open","template":"","meta":{"ngg_post_thumbnail":0,"footnotes":""},"class_list":["post-3529","page","type-page","status-publish","hentry"],"_links":{"self":[{"href":"https:\/\/www.kirche-obercrinitz.de\/wordpress\/wp-json\/wp\/v2\/pages\/3529"}],"collection":[{"href":"https:\/\/www.kirche-obercrinitz.de\/wordpress\/wp-json\/wp\/v2\/pages"}],"about":[{"href":"https:\/\/www.kirche-obercrinitz.de\/wordpress\/wp-json\/wp\/v2\/types\/page"}],"author":[{"embeddable":true,"href":"https:\/\/www.kirche-obercrinitz.de\/wordpress\/wp-json\/wp\/v2\/users\/8"}],"replies":[{"embeddable":true,"href":"https:\/\/www.kirche-obercrinitz.de\/wordpress\/wp-json\/wp\/v2\/comments?post=3529"}],"version-history":[{"count":25,"href":"https:\/\/www.kirche-obercrinitz.de\/wordpress\/wp-json\/wp\/v2\/pages\/3529\/revisions"}],"predecessor-version":[{"id":15513,"href":"https:\/\/www.kirche-obercrinitz.de\/wordpress\/wp-json\/wp\/v2\/pages\/3529\/revisions\/15513"}],"wp:attachment":[{"href":"https:\/\/www.kirche-obercrinitz.de\/wordpress\/wp-json\/wp\/v2\/media?parent=3529"}],"curies":[{"name":"wp","href":"https:\/\/api.w.org\/{rel}","templated":true}]}}